{"id":1136,"date":"2014-02-27T14:06:55","date_gmt":"2014-02-27T14:06:55","guid":{"rendered":"https:\/\/pauroux.com\/?page_id=1136"},"modified":"2023-03-31T10:11:10","modified_gmt":"2023-03-31T08:11:10","slug":"planning-gites","status":"publish","type":"page","link":"https:\/\/pauroux.com\/nl\/planning-gites\/","title":{"rendered":"Planning G\u00eetes"},"content":{"rendered":"<h3>2019<\/h3>\n<p>Ci dessous le planning des g\u00eetes. pour les chambres cliquez <a href=\"https:\/\/pauroux.com\/chambres-dhotes-drome\/\">ici<\/a><\/p>\n<p>Hieronder de planning van de g\u00eetes. Kijk op <a href=\"https:\/\/pauroux.com\/nl\/chambres-drome\/\">deze<\/a> pagina voor de kamers.<\/p>\n<p>r&gt;<\/p>\n<table class=\"aligncenter\" style=\"width: 450px; height: 623px; border-color: #000000;\" border=\"1\" align=\"center\">\n<tbody>\n<tr>\n<td style=\"width: 240px;\">\n<h5>Date<\/h5>\n<\/td>\n<td style=\"width: 300px;\" align=\"center\">\n<h5>G\u00eete lo Graffio<\/h5>\n<\/td>\n<td style=\"width: 300px;\" align=\"center\">\n<h5>G\u00eete le Chevreuil<\/h5>\n<\/td>\n<\/tr>\n<tr>\n<td style=\"width: 240px;\">06\/07 &#8211; 13\/07<\/td>\n<td style=\"width: 300px;\" align=\"center\">r\u00e9serv\u00e9<\/td>\n<td style=\"width: 300px;\" align=\"center\">r\u00e9serv\u00e9<\/td>\n<\/tr>\n<tr>\n<td style=\"width: 240px;\">13\/07 &#8211; 20\/07<\/td>\n<td style=\"width: 300px;\" align=\"center\">r\u00e9serv\u00e9<\/td>\n<td style=\"width: 300px;\" align=\"center\">r\u00e9serv\u00e9<\/td>\n<\/tr>\n<tr>\n<td style=\"width: 240px;\">20\/07 &#8211; 27\/07<\/td>\n<td style=\"width: 300px;\" align=\"center\">r\u00e9serv\u00e9<\/td>\n<td style=\"width: 300px;\" align=\"center\">r\u00e9serv\u00e9<\/td>\n<\/tr>\n<tr>\n<td style=\"width: 240px;\">27\/07 &#8211; 03\/08<\/td>\n<td style=\"width: 300px;\" align=\"center\">r\u00e9serv\u00e9<\/td>\n<td style=\"width: 300px;\" align=\"center\">r\u00e9serv\u00e9<\/td>\n<\/tr>\n<tr>\n<td style=\"width: 240px;\">03\/08 &#8211; 10\/08<\/td>\n<td style=\"width: 300px;\" align=\"center\">r\u00e9serv\u00e9<\/td>\n<td style=\"width: 300px;\" align=\"center\">r\u00e9serv\u00e9<\/td>\n<\/tr>\n<tr>\n<td style=\"width: 240px;\">10\/08 &#8211; 17\/08<\/td>\n<td style=\"width: 300px;\" align=\"center\">r\u00e9serv\u00e9<\/td>\n<td style=\"width: 300px;\" align=\"center\">r\u00e9serv\u00e9<\/td>\n<\/tr>\n<tr>\n<td style=\"width: 240px;\">17\/08 &#8211; 24\/08<\/td>\n<td style=\"width: 300px;\">\u00a0\u00a0\u00a0\u00a0\u00a0\u00a0\u00a0\u00a0\u00a0\u00a0 r\u00e9serv\u00e9<\/td>\n<td style=\"width: 300px;\" align=\"center\">r\u00e9serv\u00e9<\/td>\n<\/tr>\n<tr>\n<td style=\"width: 240px;\">24\/08 &#8211; 31\/08<\/td>\n<td style=\"width: 300px;\" align=\"center\">r\u00e9serv\u00e9<\/td>\n<td style=\"width: 300px;\" align=\"center\">r\u00e9serv\u00e9<\/td>\n<\/tr>\n<tr>\n<td style=\"width: 240px;\">31\/08- 07\/09<\/td>\n<td style=\"width: 300px;\" align=\"center\">r\u00e9serv\u00e9<\/td>\n<td style=\"width: 300px;\" align=\"center\">r\u00e9serv\u00e9<\/td>\n<\/tr>\n<tr>\n<td style=\"width: 240px;\">07\/09 &#8211; 14\/09<\/td>\n<td style=\"width: 300px;\"><\/td>\n<td style=\"width: 300px;\" align=\"center\">12 et 13 r\u00e9serv\u00e9<\/td>\n<\/tr>\n<tr>\n<td style=\"width: 240px;\">14\/09 &#8211; 21\/09<\/td>\n<td style=\"width: 300px;\" align=\"center\">r\u00e9serv\u00e9<\/td>\n<td style=\"width: 300px;\">r\u00e9serv\u00e9 jusqu&#8217;au 20<\/td>\n<\/tr>\n<tr>\n<td style=\"width: 240px;\">21\/09 &#8211; 28\/09<\/td>\n<td style=\"width: 300px;\">\u00a0\u00a0\u00a0\u00a0\u00a0 r\u00e9serv\u00e9 le 28<\/td>\n<td style=\"width: 300px;\"><\/td>\n<\/tr>\n<tr>\n<td style=\"width: 240px;\">28\/09 &#8211; 05\/10<\/td>\n<td style=\"width: 300px;\"><\/td>\n<td style=\"width: 300px;\"><\/td>\n<\/tr>\n<tr>\n<td style=\"width: 240px;\">05\/10 &#8211; 12\/10<\/td>\n<td style=\"width: 300px;\"><\/td>\n<td style=\"width: 300px;\"><\/td>\n<\/tr>\n<tr>\n<td style=\"width: 240px;\">12\/10 &#8211; 19\/10<\/td>\n<td style=\"width: 300px;\"><\/td>\n<td style=\"width: 300px;\"><\/td>\n<\/tr>\n<tr>\n<td style=\"width: 240px;\">19\/10 &#8211; 26\/10<\/td>\n<td style=\"width: 300px;\">\u00a0\u00a0\u00a0\u00a0 r\u00e9serv\u00e9 le 19<\/td>\n<td style=\"width: 300px;\"><\/td>\n<\/tr>\n<tr>\n<td style=\"width: 240px;\">26\/10 &#8211; 02\/11<\/td>\n<td style=\"width: 300px;\">\u00a0\u00a0\u00a0\u00a0 r\u00e9serv\u00e9 1 et 2<\/td>\n<td style=\"width: 300px;\"><\/td>\n<\/tr>\n<tr>\n<td style=\"width: 240px;\">02\/11 &#8211; 09\/11<\/td>\n<td style=\"width: 300px;\"><\/td>\n<td style=\"width: 300px;\"><\/td>\n<\/tr>\n<tr>\n<td style=\"width: 840px; text-align: center;\" colspan=\"3\"><\/td>\n<\/tr>\n<\/tbody>\n<\/table>\n<p style=\"text-align: center;\">Contactez nous pour les autres mois \/ Neem contact met ons op voor de andere maanden<\/p>\n","protected":false},"excerpt":{"rendered":"<p>2019 Ci dessous le planning des g\u00eetes. pour les chambres cliquez ici Hieronder de planning van de g\u00eetes. Kijk op deze pagina voor de kamers. r&gt; Date G\u00eete lo Graffio G\u00eete le Chevreuil 06\/07 &#8211; 13\/07 r\u00e9serv\u00e9 r\u00e9serv\u00e9 13\/07 &#8211; 20\/07 r\u00e9serv\u00e9 r\u00e9serv\u00e9 20\/07 &#8211; 27\/07 r\u00e9serv\u00e9 r\u00e9serv\u00e9 27\/07 &#8211; 03\/08 r\u00e9serv\u00e9 r\u00e9serv\u00e9 03\/08 &#8211; [&hellip;]<\/p>\n","protected":false},"author":2,"featured_media":0,"parent":0,"menu_order":0,"comment_status":"closed","ping_status":"closed","template":"page-full.php","meta":{"footnotes":""},"class_list":["post-1136","page","type-page","status-publish","hentry"],"yoast_head":"<!-- This site is optimized with the Yoast SEO plugin v27.5 - https:\/\/yoast.com\/product\/yoast-seo-wordpress\/ -->\n<title>Planning G\u00eetes - Ferme de Pauroux B&amp;B en g\u00eetes in de Dr\u00f4me<\/title>\n<meta name=\"description\" content=\"B&amp;B, Chambres d&#039;h\u00f4tes en g\u00eetes, vakantiewoningen in de Dr\u00f4me, Frankrijk\" \/>\n<meta name=\"robots\" content=\"index, follow, max-snippet:-1, max-image-preview:large, max-video-preview:-1\" \/>\n<link rel=\"canonical\" href=\"https:\/\/pauroux.com\/nl\/planning-gites\/\" \/>\n<meta property=\"og:locale\" content=\"nl_NL\" \/>\n<meta property=\"og:type\" content=\"article\" \/>\n<meta property=\"og:title\" content=\"Planning G\u00eetes - Ferme de Pauroux B&amp;B en g\u00eetes in de Dr\u00f4me\" \/>\n<meta property=\"og:description\" content=\"B&amp;B, Chambres d&#039;h\u00f4tes en g\u00eetes, vakantiewoningen in de Dr\u00f4me, Frankrijk\" \/>\n<meta property=\"og:url\" content=\"https:\/\/pauroux.com\/nl\/planning-gites\/\" \/>\n<meta property=\"og:site_name\" content=\"Ferme de Pauroux\" \/>\n<meta property=\"article:modified_time\" content=\"2023-03-31T08:11:10+00:00\" \/>\n<meta name=\"twitter:label1\" content=\"Geschatte leestijd\" \/>\n\t<meta name=\"twitter:data1\" content=\"1 minuut\" \/>\n<script type=\"application\/ld+json\" class=\"yoast-schema-graph\">{\"@context\":\"https:\\\/\\\/schema.org\",\"@graph\":[{\"@type\":\"WebPage\",\"@id\":\"https:\\\/\\\/pauroux.com\\\/nl\\\/planning-gites\\\/\",\"url\":\"https:\\\/\\\/pauroux.com\\\/nl\\\/planning-gites\\\/\",\"name\":\"Planning G\u00eetes - Ferme de Pauroux B&B en g\u00eetes in de Dr\u00f4me\",\"isPartOf\":{\"@id\":\"https:\\\/\\\/pauroux.com\\\/#website\"},\"datePublished\":\"2014-02-27T14:06:55+00:00\",\"dateModified\":\"2023-03-31T08:11:10+00:00\",\"description\":\"B&B, Chambres d'h\u00f4tes en g\u00eetes, vakantiewoningen in de Dr\u00f4me, Frankrijk\",\"breadcrumb\":{\"@id\":\"https:\\\/\\\/pauroux.com\\\/nl\\\/planning-gites\\\/#breadcrumb\"},\"inLanguage\":\"nl-NL\",\"potentialAction\":[{\"@type\":\"ReadAction\",\"target\":[\"https:\\\/\\\/pauroux.com\\\/nl\\\/planning-gites\\\/\"]}]},{\"@type\":\"BreadcrumbList\",\"@id\":\"https:\\\/\\\/pauroux.com\\\/nl\\\/planning-gites\\\/#breadcrumb\",\"itemListElement\":[{\"@type\":\"ListItem\",\"position\":1,\"name\":\"Accueil\",\"item\":\"https:\\\/\\\/pauroux.com\\\/\"},{\"@type\":\"ListItem\",\"position\":2,\"name\":\"Planning G\u00eetes\"}]},{\"@type\":\"WebSite\",\"@id\":\"https:\\\/\\\/pauroux.com\\\/#website\",\"url\":\"https:\\\/\\\/pauroux.com\\\/\",\"name\":\"Ferme de Pauroux\",\"description\":\"Chambres d&#039;h\u00f4tes, Table d&#039;h\u00f4tes et G\u00eetes\",\"potentialAction\":[{\"@type\":\"SearchAction\",\"target\":{\"@type\":\"EntryPoint\",\"urlTemplate\":\"https:\\\/\\\/pauroux.com\\\/?s={search_term_string}\"},\"query-input\":{\"@type\":\"PropertyValueSpecification\",\"valueRequired\":true,\"valueName\":\"search_term_string\"}}],\"inLanguage\":\"nl-NL\"}]}<\/script>\n<!-- \/ Yoast SEO plugin. -->","yoast_head_json":{"title":"Planning G\u00eetes - Ferme de Pauroux B&B en g\u00eetes in de Dr\u00f4me","description":"B&B, Chambres d'h\u00f4tes en g\u00eetes, vakantiewoningen in de Dr\u00f4me, Frankrijk","robots":{"index":"index","follow":"follow","max-snippet":"max-snippet:-1","max-image-preview":"max-image-preview:large","max-video-preview":"max-video-preview:-1"},"canonical":"https:\/\/pauroux.com\/nl\/planning-gites\/","og_locale":"nl_NL","og_type":"article","og_title":"Planning G\u00eetes - Ferme de Pauroux B&B en g\u00eetes in de Dr\u00f4me","og_description":"B&B, Chambres d'h\u00f4tes en g\u00eetes, vakantiewoningen in de Dr\u00f4me, Frankrijk","og_url":"https:\/\/pauroux.com\/nl\/planning-gites\/","og_site_name":"Ferme de Pauroux","article_modified_time":"2023-03-31T08:11:10+00:00","twitter_misc":{"Geschatte leestijd":"1 minuut"},"schema":{"@context":"https:\/\/schema.org","@graph":[{"@type":"WebPage","@id":"https:\/\/pauroux.com\/nl\/planning-gites\/","url":"https:\/\/pauroux.com\/nl\/planning-gites\/","name":"Planning G\u00eetes - Ferme de Pauroux B&B en g\u00eetes in de Dr\u00f4me","isPartOf":{"@id":"https:\/\/pauroux.com\/#website"},"datePublished":"2014-02-27T14:06:55+00:00","dateModified":"2023-03-31T08:11:10+00:00","description":"B&B, Chambres d'h\u00f4tes en g\u00eetes, vakantiewoningen in de Dr\u00f4me, Frankrijk","breadcrumb":{"@id":"https:\/\/pauroux.com\/nl\/planning-gites\/#breadcrumb"},"inLanguage":"nl-NL","potentialAction":[{"@type":"ReadAction","target":["https:\/\/pauroux.com\/nl\/planning-gites\/"]}]},{"@type":"BreadcrumbList","@id":"https:\/\/pauroux.com\/nl\/planning-gites\/#breadcrumb","itemListElement":[{"@type":"ListItem","position":1,"name":"Accueil","item":"https:\/\/pauroux.com\/"},{"@type":"ListItem","position":2,"name":"Planning G\u00eetes"}]},{"@type":"WebSite","@id":"https:\/\/pauroux.com\/#website","url":"https:\/\/pauroux.com\/","name":"Ferme de Pauroux","description":"Chambres d&#039;h\u00f4tes, Table d&#039;h\u00f4tes et G\u00eetes","potentialAction":[{"@type":"SearchAction","target":{"@type":"EntryPoint","urlTemplate":"https:\/\/pauroux.com\/?s={search_term_string}"},"query-input":{"@type":"PropertyValueSpecification","valueRequired":true,"valueName":"search_term_string"}}],"inLanguage":"nl-NL"}]}},"_links":{"self":[{"href":"https:\/\/pauroux.com\/nl\/wp-json\/wp\/v2\/pages\/1136","targetHints":{"allow":["GET"]}}],"collection":[{"href":"https:\/\/pauroux.com\/nl\/wp-json\/wp\/v2\/pages"}],"about":[{"href":"https:\/\/pauroux.com\/nl\/wp-json\/wp\/v2\/types\/page"}],"author":[{"embeddable":true,"href":"https:\/\/pauroux.com\/nl\/wp-json\/wp\/v2\/users\/2"}],"replies":[{"embeddable":true,"href":"https:\/\/pauroux.com\/nl\/wp-json\/wp\/v2\/comments?post=1136"}],"version-history":[{"count":34,"href":"https:\/\/pauroux.com\/nl\/wp-json\/wp\/v2\/pages\/1136\/revisions"}],"predecessor-version":[{"id":2907,"href":"https:\/\/pauroux.com\/nl\/wp-json\/wp\/v2\/pages\/1136\/revisions\/2907"}],"wp:attachment":[{"href":"https:\/\/pauroux.com\/nl\/wp-json\/wp\/v2\/media?parent=1136"}],"curies":[{"name":"wp","href":"https:\/\/api.w.org\/{rel}","templated":true}]}}